
{"version":"1.0","provider_name":"CEWE Fotolab blog","provider_url":"https:\/\/www.fotolab.sk\/blog","author_name":"Martin Farka\u0161","author_url":"https:\/\/www.fotolab.sk\/blog\/author\/matofarkas\/","title":"Ke\u010f fotoapar\u00e1t zostane doma \u2013 fotografovanie smartf\u00f3nom - fotolab.sk\/blog","type":"rich","width":600,"height":338,"html":"<blockquote class=\"wp-embedded-content\" data-secret=\"Fng3W6bvGr\"><a href=\"https:\/\/www.fotolab.sk\/blog\/ked-fotoaparat-zostane-doma-fotografovanie-smartfonom\/\">Ke\u010f fotoapar\u00e1t zostane doma \u2013 fotografovanie smartf\u00f3nom<\/a><\/blockquote><iframe sandbox=\"allow-scripts\" security=\"restricted\" src=\"https:\/\/www.fotolab.sk\/blog\/ked-fotoaparat-zostane-doma-fotografovanie-smartfonom\/embed\/#?secret=Fng3W6bvGr\" width=\"600\" height=\"338\" title=\"&#8220;Ke\u010f fotoapar\u00e1t zostane doma \u2013 fotografovanie smartf\u00f3nom&#8221; &#8212; CEWE Fotolab blog\" data-secret=\"Fng3W6bvGr\" frameborder=\"0\" marginwidth=\"0\" marginheight=\"0\" scrolling=\"no\" class=\"wp-embedded-content\"><\/iframe><script type=\"text\/javascript\">\n\/*! This file is auto-generated *\/\n!function(c,d){\"use strict\";var e=!1,o=!1;if(d.querySelector)if(c.addEventListener)e=!0;if(c.wp=c.wp||{},c.wp.receiveEmbedMessage);else if(c.wp.receiveEmbedMessage=function(e){var t=e.data;if(!t);else if(!(t.secret||t.message||t.value));else if(\/[^a-zA-Z0-9]\/.test(t.secret));else{for(var r,s,a,i=d.querySelectorAll('iframe[data-secret=\"'+t.secret+'\"]'),n=d.querySelectorAll('blockquote[data-secret=\"'+t.secret+'\"]'),o=new RegExp(\"^https?:$\",\"i\"),l=0;l<n.length;l++)n[l].style.display=\"none\";for(l=0;l<i.length;l++)if(r=i[l],e.source!==r.contentWindow);else{if(r.removeAttribute(\"style\"),\"height\"===t.message){if(1e3<(s=parseInt(t.value,10)))s=1e3;else if(~~s<200)s=200;r.height=s}if(\"link\"===t.message)if(s=d.createElement(\"a\"),a=d.createElement(\"a\"),s.href=r.getAttribute(\"src\"),a.href=t.value,!o.test(a.protocol));else if(a.host===s.host)if(d.activeElement===r)c.top.location.href=t.value}}},e)c.addEventListener(\"message\",c.wp.receiveEmbedMessage,!1),d.addEventListener(\"DOMContentLoaded\",t,!1),c.addEventListener(\"load\",t,!1);function t(){if(o);else{o=!0;for(var e,t,r,s=-1!==navigator.appVersion.indexOf(\"MSIE 10\"),a=!!navigator.userAgent.match(\/Trident.*rv:11\\.\/),i=d.querySelectorAll(\"iframe.wp-embedded-content\"),n=0;n<i.length;n++){if(!(r=(t=i[n]).getAttribute(\"data-secret\")))r=Math.random().toString(36).substr(2,10),t.src+=\"#?secret=\"+r,t.setAttribute(\"data-secret\",r);if(s||a)(e=t.cloneNode(!0)).removeAttribute(\"security\"),t.parentNode.replaceChild(e,t);t.contentWindow.postMessage({message:\"ready\",secret:r},\"*\")}}}}(window,document);\n<\/script>\n","thumbnail_url":"https:\/\/blog.fotolab.sk\/wp-content\/uploads\/2018\/07\/pano-1000.jpg","thumbnail_width":1500,"thumbnail_height":727,"description":"S\u00fa situ\u00e1cie, kedy my, fotografi, sme nepripraven\u00ed. Techniku nech\u00e1me doma, preto\u017ee si mysl\u00edme, \u017ee ni\u010d zauj\u00edmav\u00e9 nestretneme, alebo sa n\u00e1m len nechce nosi\u0165 ve\u013ek\u00fd fotoapar\u00e1t. V\u00fdborn\u00fdm spolo\u010dn\u00edkom s\u00fa takzvan\u00e9 \u201eprofi kompakty\u201c, ktor\u00e9 sp\u00e1jaj\u00fa vysok\u00fa kvalitu fotografi\u00ed s mal\u00fdm a \u013eahk\u00fdm telom fotoapar\u00e1tu. Nie ka\u017ed\u00fd ale po takomto fotoapar\u00e1te t\u00fa\u017ei a preto plat\u00ed star\u00e9 zn\u00e1me, najlep\u0161ia [&hellip;]"}