
{"version":"1.0","provider_name":"CEWE Fotolab blog","provider_url":"https:\/\/www.fotolab.sk\/blog","author_name":"Peter Brejda","author_url":"https:\/\/www.fotolab.sk\/blog\/author\/petobrejda\/","title":"4.narodeniny predajne FOTOLAB v Ko\u0161iciach - fotolab.sk\/blog","type":"rich","width":600,"height":338,"html":"<blockquote class=\"wp-embedded-content\" data-secret=\"B1SALqUaWC\"><a href=\"https:\/\/www.fotolab.sk\/blog\/4-narodeniny-predajne-fotolab-v-kosiciach\/\">4. narodeniny predajne FOTOLAB v Ko\u0161iciach<\/a><\/blockquote><iframe sandbox=\"allow-scripts\" security=\"restricted\" src=\"https:\/\/www.fotolab.sk\/blog\/4-narodeniny-predajne-fotolab-v-kosiciach\/embed\/#?secret=B1SALqUaWC\" width=\"600\" height=\"338\" title=\"&#8220;4. narodeniny predajne FOTOLAB v Ko\u0161iciach&#8221; &#8212; CEWE Fotolab blog\" data-secret=\"B1SALqUaWC\" frameborder=\"0\" marginwidth=\"0\" marginheight=\"0\" scrolling=\"no\" class=\"wp-embedded-content\"><\/iframe><script type=\"text\/javascript\">\n\/*! This file is auto-generated *\/\n!function(c,d){\"use strict\";var e=!1,o=!1;if(d.querySelector)if(c.addEventListener)e=!0;if(c.wp=c.wp||{},c.wp.receiveEmbedMessage);else if(c.wp.receiveEmbedMessage=function(e){var t=e.data;if(!t);else if(!(t.secret||t.message||t.value));else if(\/[^a-zA-Z0-9]\/.test(t.secret));else{for(var r,s,a,i=d.querySelectorAll('iframe[data-secret=\"'+t.secret+'\"]'),n=d.querySelectorAll('blockquote[data-secret=\"'+t.secret+'\"]'),o=new RegExp(\"^https?:$\",\"i\"),l=0;l<n.length;l++)n[l].style.display=\"none\";for(l=0;l<i.length;l++)if(r=i[l],e.source!==r.contentWindow);else{if(r.removeAttribute(\"style\"),\"height\"===t.message){if(1e3<(s=parseInt(t.value,10)))s=1e3;else if(~~s<200)s=200;r.height=s}if(\"link\"===t.message)if(s=d.createElement(\"a\"),a=d.createElement(\"a\"),s.href=r.getAttribute(\"src\"),a.href=t.value,!o.test(a.protocol));else if(a.host===s.host)if(d.activeElement===r)c.top.location.href=t.value}}},e)c.addEventListener(\"message\",c.wp.receiveEmbedMessage,!1),d.addEventListener(\"DOMContentLoaded\",t,!1),c.addEventListener(\"load\",t,!1);function t(){if(o);else{o=!0;for(var e,t,r,s=-1!==navigator.appVersion.indexOf(\"MSIE 10\"),a=!!navigator.userAgent.match(\/Trident.*rv:11\\.\/),i=d.querySelectorAll(\"iframe.wp-embedded-content\"),n=0;n<i.length;n++){if(!(r=(t=i[n]).getAttribute(\"data-secret\")))r=Math.random().toString(36).substr(2,10),t.src+=\"#?secret=\"+r,t.setAttribute(\"data-secret\",r);if(s||a)(e=t.cloneNode(!0)).removeAttribute(\"security\"),t.parentNode.replaceChild(e,t);t.contentWindow.postMessage({message:\"ready\",secret:r},\"*\")}}}}(window,document);\n<\/script>\n","thumbnail_url":"https:\/\/blog.fotolab.sk\/wp-content\/uploads\/2018\/04\/KE5.jpg","thumbnail_width":1500,"thumbnail_height":1000,"description":"Tak ako ka\u017ed\u00fd rok v\u00a0tomto obdob\u00ed sa na\u0161a predaj\u0148a chystala na de\u0148 D. De\u0148, kedy osl\u00e1vi svoje 4. narodeniny. Tak ako po minul\u00e9 roky, aj tentokr\u00e1t sme chceli t\u00fato, v\u00fdnimo\u010dn\u00fa udalos\u0165, osl\u00e1vi\u0165 spolu s\u00a0na\u0161imi skvel\u00fdmi z\u00e1kazn\u00edkmi. U\u017e v\u00a0predstihu sme za\u010dali prem\u00fd\u0161\u013ea\u0165, ako by sme mohli pote\u0161i\u0165 na\u0161ich z\u00e1kazn\u00edkov. Vieme, \u017ee v\u00a0narodeninov\u00fd de\u0148 dost\u00e1vaj\u00fa dar\u010deky osl\u00e1venci. [&hellip;]"}